{"id":8254,"date":"2024-02-26T15:15:18","date_gmt":"2024-02-26T13:15:18","guid":{"rendered":"https:\/\/www.dasp.ro\/?page_id=8254"},"modified":"2026-04-01T12:10:04","modified_gmt":"2026-04-01T09:10:04","slug":"venit-minim-de-incluziune-2","status":"publish","type":"page","link":"https:\/\/www.dasp.ro\/es\/venit-minim-de-incluziune-2\/","title":{"rendered":"VENIT MINIM DE INCLUZIUNE"},"content":{"rendered":"\n<p class=\"has-text-align-center\"><strong>&nbsp;&nbsp;&nbsp;&nbsp;&nbsp;&nbsp;&nbsp;&nbsp;&nbsp;&nbsp;&nbsp;&nbsp;&nbsp;&nbsp;&nbsp;&nbsp;&nbsp;&nbsp;&nbsp;&nbsp; <\/strong><strong>Venitul minim de incluziune<\/strong><\/p>\n\n\n\n<p>\u00cencep\u00e2nd cu<strong>&nbsp;1 ianuarie 2024<\/strong>&nbsp;este aplicat\u0103&nbsp;<strong>Legea nr.196\/2016<\/strong>, privind venitul minim de incluziune, cu modific\u0103rille \u0219i complet\u0103rile ulterioare , lege care face parte din Programul Na\u021bional de Redresare \u0219i Rezilien\u021b\u0103 (PNNR), capitolul 13, \u201eReforme Speciale\u201d .<\/p>\n\n\n\n<p>Venitul Minim de Incluziune &nbsp;reprezint\u0103 un beneficiu de asisten\u021b\u0103 social\u0103 acordat familiilor \u015fi persoanelor singure aflate \u00een situa\u021bie de dificultate, \u00een scopul prevenirii \u0219i combaterii s\u0103r\u0103ciei \u015fi riscului de excluziune social\u0103. Odat\u0103 cu intrarea \u00een vigoare a VMI, acordarea beneficiilor Venitul Minim Garantat (VMG) \u0219i Aloca\u021bia pentru sus\u021binerea familiei (ASF) \u00eenceteaza.<\/p>\n\n\n\n<p>&nbsp;Venitul Minim de Incluziune&nbsp; are dou\u0103 componente:<\/p>\n\n\n\n<p><strong>Sprijin pentru incluziune<\/strong><br>Are ca scop prevenirea \u015fi combaterea s\u0103r\u0103ciei \u015fi a riscului de excluziune social\u0103 \u015fi \u00eenlocuie\u015fte ajutorul social acordat anterior pentru asigurarea venitului minim garantat (VMG).<\/p>\n\n\n\n<p><strong>Sprijin pentru familiile cu copii<\/strong><br>Se acord\u0103 familiilor cu copii afla\u0163i \u00een \u00eentre\u0163inere cu v\u00e2rsta de p\u00e2n\u0103 la 18 ani \u015fi are ca scop prevenirea s\u0103r\u0103ciei \u015fi \u00eencurajarea particip\u0103rii copiilor la educa\u0163ie, \u00eenlocuind aloca\u0163ia pentru sus\u0163inerea familiei (ASF).<\/p>\n\n\n\n<p><strong>Cine poate solicita VMI?<\/strong><br>VMI poate fi solicitat at\u00e2t de persoanele singure, c\u00e2t \u015fi de familiile cu domiciliul sau re\u0219edin\u021ba \u00een Municipiul Pite\u0219ti \u0219i &nbsp;care \u00eendeplinesc condi\u0163iile de acordare potrivit legii.<\/p>\n\n\n\n<p>Solicitan\u0163ii VMI trebuie s\u0103 \u00eendeplineasc\u0103 condi\u0163iile generale \u015fi specifice (pentru ajutorul de incluziune \u015fi, respectiv, pentru ajutorul pentru familia cu copii) astfel :<\/p>\n\n\n\n<p>\u00a0&#8211; venituri nete lunare ajustate de p\u00e2n\u0103 la 393 lei, respectiv p\u00e2n\u0103 la 572 lei pentru persoana singur\u0103 \u00een v\u00e2rst\u0103 de cel pu\u021bin 65 de ani, pentru acordarea ajutorului de incluziune.<br>\u00a0&#8211; venituri nete lunare ajustate de p\u00e2n\u0103 la 998 lei, pentru acordarea ajutorului pentru familia cu copii.<br><br><br><br><\/p>\n\n\n\n<p><strong>Care este cuantumul VMI ?<\/strong><\/p>\n\n\n\n<p>*Exemplificare<br>Cuantumul ajutorului de incluziune acordat familiei\/persoanei singure reprezint\u0103 diferen\u021ba dintre cuantumul maxim prev\u0103zut de lege \u2013 393 lei\/lun\u0103\/membru de familie sau 572 lei\/lun\u0103 \u00een cazul persoanei singure cu v\u00e2rsta de cel pu\u021bin 65 de ani \u0219i cuantumul venitului net ajustat calculat conform legii.<\/p>\n\n\n\n<p><br>Cuantumul maxim, pentru beneficiarii care nu ob\u021bin niciun venit, este de 393 lei\/lun\u0103\/membru de familie, iar, \u00een cazul persoanei singure cu v\u00e2rsta de cel pu\u021bin 65 de ani, cuantumul maxim este de 572 lei\/lun\u0103.<\/p>\n\n\n\n<p><br>Cuantumul ajutorului pentru familia cu copii este stabilit \u00een func\u021bie de nivelul venitului net lunar ajustat \u0219i num\u0103rul de copii din familie:<\/p>\n\n\n\n<p><br>\u2013 Pentru familia beneficiar\u0103 de ajutor de incluziune, precum \u0219i pentru cea cu venituri nete lunare ajustate de p\u00e2n\u0103 la 393 de lei\/lun\u0103, cuantumul lunar al ajutorului pentru familia cu copii este:<br>\u00bb 154 lei, pentru familia cu un copil;<br>\u00bb 307 lei, pentru familia cu 2 copii;<br>\u00bb 460 de lei, pentru familia cu 3 copii;<br>\u00bb 612 de lei, pentru familia cu 4 copii sau mai mul\u021bi.<\/p>\n\n\n\n<p><br>\u2013 Pentru familia monoparental\u0103 beneficiar\u0103 de ajutor de incluziune, precum \u0219i pentru cea cu venituri nete lunare ajustate de p\u00e2n\u0103 la 393 de lei\/lun\u0103, cuantumul lunar al ajutorului pentru familia cu copii este:<br>\u00bb 173 de lei, pentru familia cu un copil;<br>\u00bb 344 de lei, pentru familia cu 2 copii;<br>\u00bb 514 de lei, pentru familia cu 3 copii;<br>\u00bb 685 de lei, pentru familia cu 4 copii sau mai mul\u021bi.<\/p>\n\n\n\n<p><br>\u2013 Pentru familiile care au un venit net lunar ajustat cuprins \u00eentre 393 de lei\/lun\u0103 \u0219i 998 de lei inclusiv, cuantumul lunar al ajutorului pentru familia cu copii este:<br>\u00bb 124 de lei, pentru familia cu un copil;<br>\u00bb 245 de lei, pentru familia cu 2 copii;<br>\u00bb 366 de lei, pentru familia cu 3 copii;<br>\u00bb 485 de lei, pentru familia cu 4 copii sau mai mul\u021bi.<\/p>\n\n\n\n<p><br>\u2013 Pentru familiile monoparentale care au un venit net lunar ajustat cuprins \u00eentre 393 de lei\/lun\u0103 \u0219i 998 de lei inclusiv, cuantumul lunar al ajutorului pentru familia cu copii este:<br>\u00bb 159 lei, pentru familia cu un copil;<br>\u00bb 308 lei, pentru familia cu 2 copii;<br>\u00bb 464 de lei, pentru familia cu 3 copii;<br>\u00bb 614 de lei, pentru familia cu 4 copii sau mai mul\u021bi.<br><\/p>\n\n\n\n<p><strong>Preciz\u0103ri:<\/strong><\/p>\n\n\n\n<p>Pentru calculul venitului net lunar ajustat se iau \u00een considerare toate sumele primite\/realizate de persoana singur\u0103, respectiv de fiecare membru al familiei \u00een luna anterioar\u0103 solicit\u0103rii VMI, cu excep\u0163ia urm\u0103toarelor venituri:<\/p>\n\n\n\n<ol start=\"1\" style=\"list-style-type:lower-alpha\" class=\"wp-block-list\">\n<li>sumele primite cu titlu de presta\u0163ii sociale \u00een baza Legii nr. 448\/2006 privind protec\u0163ia \u015fi promovarea drepturilor persoanelor cu handicap, republicat\u0103, cu modific\u0103rile \u015fi complet\u0103rile ulterioare;<\/li>\n\n\n\n<li>aloca\u0163ia de stat pentru copii acordat\u0103 \u00een baza Legii nr. 61\/1993 privind aloca\u0163ia de stat pentru copii, republicat\u0103, cu modific\u0103rile ulterioare;<\/li>\n\n\n\n<li>sumele acordate ca burse sau alte forme de sprijin financiar destinate exclusiv pentru sus\u0163inerea educa\u0163iei pre\u015fcolarilor, elevilor \u015fi studen\u0163ilor, prin programe ale Ministerului Educa\u0163iei Na\u0163ionale \u015fi Cercet\u0103rii \u015etiin\u0163ifice, altor institu\u0163ii publice \u015fi private, inclusiv organiza\u0163ii neguvernamentale;<\/li>\n\n\n\n<li>sumele primite din activitatea desf\u0103\u015furat\u0103 ca zilier, \u00een condi\u0163iile Legii nr. 52\/2011 privind exercitarea unor activit\u0103\u0163i cu caracter ocazional desf\u0103\u015furate de zilieri, republicat\u0103, cu modific\u0103rile \u015fi complet\u0103rile ulterioare, precum \u015fi cele ob\u0163inute \u00een calitate de prestator casnic \u00een baza Legii nr. 111\/2022 privind reglementarea activit\u0103\u0163ii prestatorului casnic;<\/li>\n\n\n\n<li>sumele primite de persoanele apte de munc\u0103 din familie ca urmare a particip\u0103rii la programe de formare profesional\u0103 organizate \u00een condi\u0163iile legii, dac\u0103 acestea nu au titlu de venituri salariale;<\/li>\n\n\n\n<li>sumele primite ocazional din partea unor persoane fizice ori juridice, precum \u015fi sumele cu titlu de ajutor de urgen\u0163\u0103 primite de la bugetul de stat sau local.<\/li>\n\n\n\n<li>stimulentul educa\u0163ional acordat potrivit prevederilor Legii nr. 248\/2015 privind stimularea particip\u0103rii \u00een \u00eenv\u0103\u0163\u0103m\u00e2ntul pre\u015fcolar a copiilor provenind din familii defavorizate, republicat\u0103, sub form\u0103 de tichet social pentru stimularea particip\u0103rii \u00een \u00eenv\u0103\u0163\u0103m\u00e2ntul pre\u015fcolar a copiilor proveni\u0163i din familii defavorizate;<\/li>\n\n\n\n<li>sumele ocazionale acordate de la bugetul de stat sau bugetele locale cu caracter de desp\u0103gubiri ori sprijin financiar pentru situa\u0163ii excep\u0163ionale;<\/li>\n\n\n\n<li>ajutorul pentru \u00eenc\u0103lzirea locuin\u0163ei \u015fi suplimentul pentru energie acordate \u00een baza Legii nr. 226\/2021, cu modific\u0103rile ulterioare;<\/li>\n\n\n\n<li>indemniza\u0163ia lunar\u0103 de hran\u0103 acordat\u0103 \u00een baza Legii nr. 584\/2002 privind m\u0103surile de prevenire a r\u0103sp\u00e2ndirii maladiei SIDA \u00een Rom\u00e2nia \u015fi de protec\u0163ie a persoanelor infectate cu HIV sau bolnave de SIDA, cu modific\u0103rile \u015fi complet\u0103rile ulterioare, \u015fi indemniza\u0163ia lunar\u0103 de hran\u0103 prev\u0103zut\u0103 de Legea nr. 302\/2018 privind m\u0103surile de control al tuberculozei;<\/li>\n\n\n\n<li>sumele primite cu titlu de sprijin, asigurate din bugetul de stat sau fonduri nerambursabile, acordate \u00een baza legii sau \u00een baza programelor opera\u0163ionale aprobate.<\/li>\n<\/ol>\n\n\n\n<p>Solicitantul trebuie s\u0103 completeze cererea de acordare a venitului minim de incluziune \u0219i s\u0103 furnizeze documentele justificative.<br><br><\/p>\n\n\n\n<p><strong>Stabilirea dreptului la venit minim de incluziune se realizeaz\u0103 \u0163in\u00e2ndu-se seama de bunurile familiei sau, dup\u0103 caz, ale persoanei singure, cuprinse \u00een Lista bunurilor ce conduc la excluderea acord\u0103rii venitului minim de incluziune. Lista poate fi consultat\u0103 mai jos.<\/strong><\/p>\n\n\n\n<p><strong>\u00cen situa\u0163ia \u00een care unul sau mai multe bunuri cuprinse \u00een lista men\u021bionat\u0103 aflate \u00een proprietatea persoanei singure\/familiei beneficiare de venit minim de incluziune, este dat\/sunt date \u00een \u00eenchiriere\/arend\u0103\/concesiune, acest bun\/aceste bunuri va fi luat\/vor fi luate \u00een calcul pentru persoana\/familia care \u00eel are\/le are \u00een \u00eenchiriere\/arend\u0103\/concesiune, iar pentru proprietarul de drept se va lua \u00een calcul valoarea ob\u0163inut\u0103 \u00een urma ced\u0103rii dreptului de folosin\u0163\u0103 a bunului\/bunurilor.<\/strong><\/p>\n\n\n\n<p>\u00cen cazul familiei care locuie\u015fte \u015fi gospod\u0103re\u015fte \u00eempreun\u0103 cu alte familii ori persoane singure \u015fi contribuie \u00eempreun\u0103 la achizi\u0163ionarea sau realizarea unor bunuri \u015fi a unor venituri din valorificarea acestora ori la consumul acestora, la stabilirea veniturilor familiei se iau \u00een considerare at\u00e2t veniturile nete lunare proprii, c\u00e2t \u015fi partea ce \u00eei revine de drept din veniturile lunare nete, realizate \u00een comun de persoanele din gospod\u0103rie.<\/p>\n\n\n\n<p class=\"has-text-align-center\"><strong>Lista<\/strong><\/p>\n\n\n\n<p><strong>bunurilor ce conduc la excluderea acord\u0103rii venitului minim de incluziune<\/strong><\/p>\n\n\n\n<p><strong>A<\/strong>. <strong>Bunuri imobile<\/strong><\/p>\n\n\n\n<ol class=\"wp-block-list\">\n<li><strong>Cl\u0103diri, alte spa\u021bii locative \u00een afara locuin\u021bei de domiciliu, precum \u0219i terenuri situate \u00een intravilan cu suprafa\u021ba de peste 1.200 mp \u00een zona urban\u0103 \u015fi&nbsp; 2.500 mp \u00een zona rural\u0103&nbsp; mp, \u00een afara terenurilor de \u00eemprejmuire a locuin\u021bei \u0219i a cur\u021bii aferente.<\/strong><\/li>\n<\/ol>\n\n\n\n<p><strong>B<\/strong>. <strong>Bunuri mobile<\/strong><\/p>\n\n\n\n<p><\/p>\n\n\n\n<p><strong>1<\/strong>. <strong>Mai mult de un vehicul cu o vechime mai mare de 10 ani, cu drept de circula\u021bie pe drumurile publice.<\/strong><\/p>\n\n\n\n<p><strong>2<\/strong>. <strong>Autovehicul cu drept de circula\u021bie pe drumurile publice cu o vechime mai mic\u0103 de 10 ani, cu excep\u021bia celor utilizate si\/sau adaptate pentru transportul persoanelor cu dizabilit\u0103\u021bi.<\/strong><\/p>\n\n\n\n<p><strong>3<\/strong>. <strong>\u0218alupe, b\u0103rci cu motor, iahturi sau alte tipuri de ambarca\u021biuni, cu excep\u021bia celor necesare pentru transport \u00een cazul persoanelor care locuiesc \u00een aria Rezerva\u021biei Biosferei Delta Dun\u0103rii.<\/strong><\/p>\n\n\n\n<p><strong>C.<\/strong> <strong>Depozite bancare<\/strong><\/p>\n\n\n\n<p><strong>Cel pu\u021bin unul dintre membrii familiei de\u021bine in calitate de titular, unul sau mai multe depozite bancare, a c\u0103ror sum\u0103 total\u0103 este mai mare de 3 ori fa\u021b\u0103 de valoarea c\u00e2\u0219tigului salarial mediu brut prev\u0103zut de Legea asigur\u0103rilor sociale de stat.<\/strong><\/p>\n\n\n\n<h3 class=\"wp-block-heading\"><strong>Obliga\u0163iile titularului:<\/strong><\/h3>\n\n\n\n<p><strong>Titularul venitului minim de incluziune are obliga\u0163ia s\u0103 comunice Direc\u021biei de Asisten\u021b\u0103 Social\u0103 Pite\u0219ti, orice modificare cu privire la domiciliu, venituri \u015fi num\u0103rul membrilor familiei, \u00een termen de maximum 10 zile de la data la care a intervenit modificarea.<br>Persoanele singure \u015fi familiile beneficiare de venit minim de incluziune au obliga\u0163ia s\u0103 depun\u0103&nbsp; din 6 \u00een 6 luni, declara\u0163ia pe propria r\u0103spundere.<\/strong><\/p>\n\n\n\n<p>Persoanele apte de munc\u0103 care nu ob\u0163in venituri \u00een baza unui contract individual de munc\u0103, raport de serviciu sau alt\u0103 form\u0103 legal\u0103 de angajare \u015fi nici din activit\u0103\u0163i independente sau activit\u0103\u0163i agricole, a\u015fa cum sunt acestea definite de Legea nr. 227\/2015, cu modific\u0103rile \u015fi complet\u0103rile ulterioare, <strong>au obliga\u0163ia s\u0103 se prezinte, ori de c\u00e2te ori sunt solicitate de agen\u0163ia teritorial\u0103 pentru ocuparea for\u0163ei de munc\u0103 \u00een a c\u0103rei eviden\u0163\u0103 sunt \u00eenregistrate ca persoane \u00een c\u0103utarea unui loc de munc\u0103, \u00een vederea \u00eencadr\u0103rii \u00een munc\u0103 sau a particip\u0103rii la serviciile pentru stimularea ocup\u0103rii for\u0163ei de munc\u0103 \u015fi de formare profesional\u0103<\/strong>.<\/p>\n\n\n\n<p>\u00cen cazul persoanelor singure \u015fi familiilor beneficiare ale venitului minim de incluziune care const\u0103 exclusiv \u00een ajutor pentru familia cu copii, obliga\u0163ia de mai sus nu se aplic\u0103.<\/p>\n\n\n\n<p><strong>\u00cen cazul familiilor beneficiare de venit minim de incluziune care include componenta de ajutor de incluziune, una dintre persoanele majore apte de munc\u0103 din familia respectiv\u0103 are obliga\u0163ia de a presta lunar, activit\u0103\u0163i sau lucr\u0103ri de interes local, cu respectarea duratei normale a timpului de munc\u0103 \u015fi a normelor de securitate \u015fi s\u0103n\u0103tate \u00een munc\u0103<\/strong>.<\/p>\n\n\n\n<p>Solicitan\u0163ii de VMI care primesc ajutor de incluziune \u0219i care nu au un nivel de educa\u0163ie \u015fcolar\u0103 sau cuno\u015ftin\u0163ele necesare au obliga\u021bia s\u0103 parcurg\u0103 cursurile programului educa\u0163ional \u201eA doua \u015fans\u0103\u201c reglementate prin ordin al ministrului educa\u0163iei.<\/p>\n\n\n\n<p><strong>DE RE\u021aINUT!<\/strong>&nbsp;<strong>Persoanele apte de munc\u0103 beneficiare de venit minim de incluziune au obliga\u021bia s\u0103 presteze, lunar, ac\u021biuni sau lucr\u0103ri de interes local \u0219i s\u0103 \u00ee\u0219i caute un loc de munc\u0103 prin intermediul agen\u021biilor teritoriale pentru ocuparea for\u021bei de munc\u0103.<\/strong><strong>&nbsp;&nbsp;&nbsp;&nbsp;&nbsp;&nbsp;<\/strong><\/p>\n\n\n\n<p><\/p>\n\n\n\n<p><strong>Venitul minim de incluziune se acord\u0103 \u00een baza unei singure cereri formulate de solicitant \u00eenso\u021bit\u0103 de acte doveditoare.<\/strong><br><a href=\"http:\/\/5.2.175.205\/ASISTENTA_SOCIALA\/vmi\/CERERE.pdf\">1.&nbsp;Formular standard de cerere pentru acordare VMI,care con\u0163ine date privind solicitantul \u015fi date privind componen\u0163a familiei;<\/a><\/p>\n\n\n\n<p><a href=\"https:\/\/www.dasp.ro\/wp-content\/uploads\/2024\/02\/Declaratie-pe-propria-raspundere-pentru-venitul-rezultat-din-gospodarirea-impreuna.pdf\">2.Declaratie pe propria raspundere pentru venitul rezultat din gospodarirea impreuna<\/a><\/p>\n\n\n\n<p><a href=\"https:\/\/www.dasp.ro\/wp-content\/uploads\/2024\/02\/Angajamentul-de-plata-pentru-situatiile-in-care-se-pot-constata-drepturi-acordate-necuvenit.pdf\">3. Angajamentul de plata pentru situatiile in care se pot constata drepturi acordate necuvenit<\/a><\/p>\n\n\n\n<p>4.Actul de identitate al solicitantului \u015fi al membrilor familiei (buletin\/carte de identitate, certificate na\u0219tere);<\/p>\n\n\n\n<p>5.Adeverin\u0163e de venit pentru toate sursele de venit ;<\/p>\n\n\n\n<p>6.Certificat de na\u015ftere pentru fiecare copil;<\/p>\n\n\n\n<p>7.Certificatul de deces pentru oricare membru decedat al familiei;<\/p>\n\n\n\n<p>8.Dovada \u015fcolariz\u0103rii pentru copiii cu v\u00e2rsta cuprins\u0103 \u00eentre 3 \u015fi 16 ani;<\/p>\n\n\n\n<p>9.Acte de studii ale tuturor persoanelor adulte ;<\/p>\n\n\n\n<p>10.Certificat de atestare&nbsp; fiscal\u0103 pentu toti membrii familiei<\/p>\n\n\n\n<p>11.Adeverinta de la administrator nominal cu persoanele care locuiesc acolo..<\/p>\n\n\n\n<p>12.Alte documente specifice situa\u0163iei solicitantului\/beneficiarului:<\/p>\n\n\n\n<ol start=\"1\" class=\"wp-block-list\">\n<li><\/li>\n<\/ol>\n\n\n\n<ol start=\"1\" class=\"wp-block-list\">\n<li><\/li>\n<\/ol>\n\n\n\n<ul class=\"wp-block-list\">\n<li>-contractul privind de\u021binerea imobilului \u00een care locuiesc,<\/li>\n\n\n\n<li>-facturi privind sursele de energie folosite,<\/li>\n\n\n\n<li>-certificatul de c\u0103s\u0103torie,<\/li>\n\n\n\n<li>-hot\u0103r\u00e2rea judec\u0103toreasc\u0103 de \u00eencredin\u0163are\/ \u00eencuviin\u0163are a vederea adop\u0163iei, potrivit legii.<\/li>\n\n\n\n<li>-hot\u0103r\u00e2rea judec\u0103toreasc\u0103 sau, dup\u0103 caz, hot\u0103r\u00e2rea comisiei pentru protec\u0163ia copilului pentru m\u0103sura plasamentului, potrivit legii,<\/li>\n\n\n\n<li>-hot\u0103r\u00e2rea judec\u0103toreasc\u0103 prin care se dispune delegarea temporar\u0103 a autorit\u0103\u0163ii p\u0103rinte\u015fti c\u0103tre persoana desemnat\u0103, conform prevederilor art. 104 \u015fi art. 105 din Legea nr. 272\/2004 privind protec\u0163ia \u015fi promovarea drepturilor copilului, republicat\u0103, cu modific\u0103rile \u015fi complet\u0103rile ulterioare;<\/li>\n\n\n\n<li>-decizia directorului general al direc\u0163iei generale de asisten\u0163\u0103 social\u0103 \u015fi protec\u0163ia copilului sau, dup\u0103 caz, hot\u0103r\u00e2rea judec\u0103toreasc\u0103 pentru m\u0103sura plasamentului \u00een regim de urgen\u0163\u0103, potrivit legii;<\/li>\n\n\n\n<li>-hot\u0103r\u00e2rea judec\u0103toreasc\u0103 de instituire a tutelei sau, dup\u0103 caz, dispozi\u0163ia autorit\u0103\u0163ii tutelare, potrivit legii;<\/li>\n\n\n\n<li>-actul doveditor care atest\u0103 calitatea de reprezentant legal al persoanei minore lipsite de capacitate deplin\u0103 de exerci\u0163iu al drepturilor civile, respectiv p\u0103rinte, tutore, curator, alt\u0103 persoan\u0103 desemnat\u0103 reprezentant legal prin decizia directorului general al direc\u0163iei generale de asisten\u0163\u0103 social\u0103 \u015fi protec\u0163ia copilului sau, dup\u0103 caz, prin hot\u0103r\u00e2re judec\u0103toreasc\u0103;<\/li>\n\n\n\n<li>-hot\u0103r\u00e2rea judec\u0103toreasc\u0103 prin care so\u0163ul\/so\u0163ia este declarat\/declarat\u0103 disp\u0103rut\/disp\u0103rut\u0103;<\/li>\n\n\n\n<li>-hot\u0103r\u00e2rea judec\u0103toreasc\u0103 prin care so\u0163ul\/so\u0163ia este arestat\/arestat\u0103 preventiv pe o perioad\u0103 mai mare de 30 de zile sau execut\u0103 o pedeaps\u0103 privativ\u0103 de libertate \u015fi nu particip\u0103 la \u00eentre\u0163inerea copiilor;<\/li>\n\n\n\n<li>-dup\u0103 caz, alte acte doveditoare privind componen\u0163a familiei<\/li>\n<\/ul>\n\n\n\n<p><\/p>\n\n\n\n<p><strong>&nbsp;<\/strong>Alte informa\u021biii despre acordarea Venitului Minim de Incluziune (VMI):<br><a href=\"http:\/\/5.2.175.205\/ASISTENTA_SOCIALA\/vmi\/Pliant%20informativ%20VMI_WEB_16%20%20oct.pdf\">-Pliant informativ<\/a><br>\u2013<a href=\"http:\/\/5.2.175.205\/ASISTENTA_SOCIALA\/vmi\/Poster%20VMI_A3_WEB_16%20oct.pdf\">Poster A3 VMI<\/a><\/p>\n","protected":false},"excerpt":{"rendered":"<p>&nbsp;&nbsp;&nbsp;&nbsp;&nbsp;&nbsp;&nbsp;&nbsp;&nbsp;&nbsp;&nbsp;&nbsp;&nbsp;&nbsp;&nbsp;&nbsp;&nbsp;&nbsp;&nbsp;&nbsp; Venitul minim de incluziune \u00cencep\u00e2nd cu&nbsp;1 ianuarie 2024&nbsp;este aplicat\u0103&nbsp;Legea nr.196\/2016, privind venitul minim de incluziune, cu modific\u0103rille \u0219i complet\u0103rile ulterioare , lege care face parte din Programul Na\u021bional de Redresare \u0219i Rezilien\u021b\u0103 (PNNR), capitolul 13, \u201eReforme Speciale\u201d . Venitul<\/p>\n","protected":false},"author":1,"featured_media":0,"parent":0,"menu_order":0,"comment_status":"closed","ping_status":"closed","template":"","meta":{"footnotes":""},"class_list":["post-8254","page","type-page","status-publish","hentry"],"translation":{"provider":"WPGlobus","version":"3.0.0","language":"es","enabled_languages":["en","es","de","fr","ru"],"languages":{"en":{"title":true,"content":true,"excerpt":false},"es":{"title":false,"content":false,"excerpt":false},"de":{"title":false,"content":false,"excerpt":false},"fr":{"title":false,"content":false,"excerpt":false},"ru":{"title":false,"content":false,"excerpt":false}}},"_links":{"self":[{"href":"https:\/\/www.dasp.ro\/es\/wp-json\/wp\/v2\/pages\/8254","targetHints":{"allow":["GET"]}}],"collection":[{"href":"https:\/\/www.dasp.ro\/es\/wp-json\/wp\/v2\/pages"}],"about":[{"href":"https:\/\/www.dasp.ro\/es\/wp-json\/wp\/v2\/types\/page"}],"author":[{"embeddable":true,"href":"https:\/\/www.dasp.ro\/es\/wp-json\/wp\/v2\/users\/1"}],"replies":[{"embeddable":true,"href":"https:\/\/www.dasp.ro\/es\/wp-json\/wp\/v2\/comments?post=8254"}],"version-history":[{"count":6,"href":"https:\/\/www.dasp.ro\/es\/wp-json\/wp\/v2\/pages\/8254\/revisions"}],"predecessor-version":[{"id":10164,"href":"https:\/\/www.dasp.ro\/es\/wp-json\/wp\/v2\/pages\/8254\/revisions\/10164"}],"wp:attachment":[{"href":"https:\/\/www.dasp.ro\/es\/wp-json\/wp\/v2\/media?parent=8254"}],"curies":[{"name":"wp","href":"https:\/\/api.w.org\/{rel}","templated":true}]}}