{"id":1015,"date":"2016-02-08T08:50:28","date_gmt":"2016-02-08T06:50:28","guid":{"rendered":"http:\/\/www.dasp.ro\/?page_id=1015"},"modified":"2024-02-22T10:56:51","modified_gmt":"2024-02-22T08:56:51","slug":"conditii-de-acordare-a-tichetelor-de-gradinita","status":"publish","type":"page","link":"https:\/\/www.dasp.ro\/fr\/conditii-de-acordare-a-tichetelor-de-gradinita\/","title":{"rendered":"Conditii de acordare a tichetelor de gradinita"},"content":{"rendered":"<p style=\"text-align: center;\"><strong><em>\u00a0<\/em><br \/><\/strong><\/p>\n<p style=\"text-align: center;\">\u00a0<\/p>\n\n\n<p class=\"has-text-align-center\"><strong>INFORMARE<\/strong><\/p>\n\n\n\n<p class=\"has-text-align-center\"><strong>privind acordarea &nbsp;stimulentului&nbsp; educa\u021bional ( tichete gr\u0103dini\u021b\u0103)<\/strong><\/p>\n\n\n\n<div style=\"height:100px\" aria-hidden=\"true\" class=\"wp-block-spacer\"><\/div>\n\n\n\n<p class=\"has-text-align-center\"><strong>&nbsp;&nbsp;&nbsp;&nbsp; <\/strong><strong>CONDI\u021aII&nbsp; DE&nbsp; ACORDARE<\/strong><\/p>\n\n\n\n<div style=\"height:100px\" aria-hidden=\"true\" class=\"wp-block-spacer\"><\/div>\n\n\n\n<p><strong>Stimulentul educa<\/strong><strong>\u021bional se acord\u0103 \u00een baza Legii nr.248\/2015 privind stimularea particip\u0103rii \u00een \u00eenv\u0103\u021b\u0103m\u00e2ntul pre\u0219colar a copiilor provenind din familiile defavorizate, cu modific\u0103rile \u0219i complet\u0103rile ulterioare \u0219i H.G. nr.15\/2016 pentru aprobarea Normelor Metodologice de aplicare a prevederilor Legii nr. 248\/2015 privind stimularea particip\u0103rii \u00een \u00eenv\u0103\u021b\u0103m\u00e2ntul pre\u0219colar a copiilor provenind din familiile defavorizate, cu modific\u0103rile \u0219i complet\u0103rile ulterioare.<\/strong><\/p>\n\n\n\n<p><strong>\u00cencep\u00e2nd cu data de 1 ianuarie 2024 acesta este acordat familiilor beneficiare de venit minim de incluziune care include componenta ajutor pentru familia cu copii, cuantumul acestuia, criteriile \u0219i procedura de acordare \u0219i de decontare, precum \u0219i majorarea valorii acestuia fiind reglementate prin raportare la Legea nr.196\/2016 privind venitul minim de incluziune \u0219i prin normele metodologice de aplicare a acestei legi, care se aplic\u0103 \u00een mod corespunz\u0103tor. <\/strong><strong>Prin excep\u021bie, stimulentul educa\u021bional se acord\u0103 \u0219i copiilor afla\u021bi \u00een \u00eengrijirea persoanei care a fost desemnat\u0103 de p\u0103rinte pentru \u00eentre\u021binerea copilului, pe perioada absen\u021bei p\u0103rin\u021bilor, conform art.104 din Legea nr.272\/2004 privind protec\u021bia \u0219i promovarea drepturilor copilului, republicat\u0103, cu modific\u0103rile ulterioare, dac\u0103 veniturile pe persoan\u0103, inclusiv copilul aflat \u00een \u00eengrijire, nu dep\u0103\u0219esc nivelul maxim de venituri pentru acordarea ajutorului pentru familia cu copii.<\/strong><\/p>\n\n\n\n<p><strong>\u00cencep\u00e2nd cu data de 01.01.2024 stimulentul educa\u021bional este acordat familiilor beneficiare de venit minim de incluziune care include componenta ajutor pentru familia cu copii, iar cuantumul acestuia se stabile\u0219te \u00een func\u021bie de nivelul venitului net lunar ajustat \u0219i num\u0103rul de copii din familie, \u00een conformitate cu prevederile art.18 raportat la art.8 si art. 9 din Legea nr.196\/2016 privind venitul minim de incluziune. Tichetele pot fi folosite doar pentru achizi\u021bionarea produselor necesare pre\u0219colarilor: produse alimentare, de igien\u0103, \u00eembr\u0103c\u0103minte, \u00eenc\u0103l\u021b\u0103minte, rechizite \u0219i articole \u0219colare. Valoarea nominal\u0103 lunar\u0103 minim\u0103 a stimulentului educa\u0163ional se raporteaz\u0103 la indicatorul social de referin\u0163\u0103 \u015fi este de&nbsp;&nbsp;&nbsp;&nbsp;&nbsp;&nbsp;&nbsp;&nbsp; &nbsp;0,2 ISR, exprimat \u00een lei, pentru fiecare copil \u00eenscris la gr\u0103dini\u0163\u0103, beneficiar al stimulentului educa\u0163ional.<\/strong><\/p>\n\n\n\n<p><strong>Stimulentul educa\u021bional se acord\u0103 numai pentru copiii \u00eenscri\u0219i \u00eentr-o unitate de \u00eenv\u0103\u021b\u0103m\u00e2nt pre\u0219colar, conform Legii educa\u021biei na\u021bionale nr. 1\/2011, cu modific\u0103rile \u0219i complet\u0103rile ulterioare.Stimulentul educa\u021bional se acord\u0103:<\/strong><\/p>\n\n\n\n<ul class=\"wp-block-list\">\n<li><strong>din oficiu pentru situa\u021bia prev\u0103zut\u0103 la art.2 alin. (1), dup\u0103 caz, odat\u0103 cu stabilirea dreptului de venit minim de incluziune care include componenta ajutor pentru familia cu copiii sau dup\u0103 acordarea acestuia, persoanei care este \u0219i titularul dreptului;<\/strong><\/li>\n\n\n\n<li><strong>pe baz\u0103 de cerere, pentru situa\u021bia prev\u0103zut\u0103 la art.2 alin.(2).<\/strong><\/li>\n<\/ul>\n\n\n\n<p><strong>Acordarea stimulentelor educa\u021bionale este condi\u0163ionat\u0103 de frecven\u021ba regulat\u0103 la gr\u0103dini\u0163\u0103 a copiilor din familiile beneficiare ale stimulentului educa\u0163ional prev\u0103zut de prezenta lege. \u00cen sensul prezentei legi, prin frecven\u0163\u0103 regulat\u0103 se \u00een\u0163elege prezen\u0163a zilnic\u0103 a copilului la gr\u0103dini\u0163\u0103 \u00een luna monitorizat\u0103, cu excep\u0163ia absen\u0163elor motivate. Se consider\u0103 absen\u0163e motivate, ce nu afecteaz\u0103 acordarea tichetelor sociale, urm\u0103toarele cazuri, cu condi\u0163ia ca acestea s\u0103 nu dep\u0103\u015feasc\u0103 50% din zilele de gr\u0103dini\u0163\u0103:<\/strong><\/p>\n\n\n\n<p><strong>&#8211; absen\u0163e medicale: motivate, numai dac\u0103 p\u0103rin\u0163ii aduc scutiri medicale corespunz\u0103toare perioadelor \u00een care au lipsit copiii, la revenirea acestora la gr\u0103dini\u0163\u0103. \u00cen caz excep\u0163ional, o singur\u0103 dat\u0103 pe an \u015fcolar, copiii pot beneficia de tichete sociale \u015fi dac\u0103 \u00een luna monitorizat\u0103 au lipsit mai mult de 50% din zilele de gr\u0103dini\u0163\u0103, din motive medicale;<\/strong><\/p>\n\n\n\n<p><strong>&#8211;&nbsp;&nbsp; \u00eenvoiri: copiii pot fi \u00eenvoi\u0163i de c\u0103tre p\u0103rin\u0163i \u00een limita a 3 zile pe lun\u0103, cu condi\u0163ia anun\u0163\u0103rii cadrelor didactice.<\/strong><\/p>\n\n\n\n<p><strong>Stimulentul se acord\u0103 lunar, pe perioada particip\u0103rii copilului la activit\u0103\u0163ile organizate \u00een cadrul unit\u0103\u0163ilor din \u00eenv\u0103\u0163\u0103m\u00e2ntul pre\u015fcolar, \u00een perioada septembrie &#8211; iunie.<\/strong><\/p>\n\n\n\n<p><strong>Titularul tichetului social pentru gr\u0103dini\u0163\u0103 are obliga\u0163ia s\u0103 anun\u0163e la Direc\u021bia de Asisten\u021b\u0103 Social\u0103 a Municipiului Pite\u0219ti orice modificare \u00een componen\u0163a familiei sau \u00een veniturile acesteia \u00een termen de maximum 15 zile de la producerea acesteia.<\/strong><\/p>\n\n\n\n<div style=\"height:100px\" aria-hidden=\"true\" class=\"wp-block-spacer\"><\/div>\n\n\n\n<p><strong>ACTE\u00a0 NECESARE\u00a0 PENTRU STIMULENT EDUCA\u021aIONAL<\/strong><\/p>\n\n\n\n<div style=\"height:100px\" aria-hidden=\"true\" class=\"wp-block-spacer\"><\/div>\n\n\n\n<p><strong>Pentru situa\u021bia prev\u0103zut\u0103 la art. 2 alin. (1) din Legea nr.248\/2015 privind stimularea particip\u0103rii \u00een \u00eenv\u0103\u021b\u0103m\u00e2ntul pre\u0219colar a copiilor provenind din familiile defavorizate, cu modific\u0103rile \u0219i complet\u0103rile ulterioare:<\/strong><\/p>\n\n\n\n<ul class=\"wp-block-list\">\n<li><strong>&nbsp;adeverint\u0103 eliberat\u0103 de gr\u0103dini\u021ba&nbsp;la care este \u00eenscris copilul, din care s\u0103 rezulte c\u0103 frecventeaz\u0103 gr\u0103dini\u021ba.<\/strong><\/li>\n<\/ul>\n\n\n\n<p><strong>Pentru situa\u021bia prev\u0103zut\u0103 la art. 2 alin. (2) din Legea nr.248\/2015 privind stimularea particip\u0103rii \u00een \u00eenv\u0103\u021b\u0103m\u00e2ntul pre\u0219colar a copiilor provenind din familiile defavorizate, cu modific\u0103rile \u0219i complet\u0103rile ulterioare:<\/strong><\/p>\n\n\n\n<ul class=\"wp-block-list\">\n<li><a href=\"https:\/\/www.dasp.ro\/wp-content\/uploads\/2016\/FORMULAR%20CERERE%20acordare%20stimulent%20educational.pdf\">cerere tip<\/a><\/li>\n\n\n\n<li>carte de identitate, carte de identitate provizorie, a tuturor membrilor familiei, care au implinit 14 ani;<\/li>\n\n\n\n<li>certificate de na\u0219tere copii;<\/li>\n\n\n\n<li>certificat\/certificatele de c\u0103s\u0103torie;<\/li>\n\n\n\n<li><strong>hot\u0103r\u00e2re\/delegare de tutel\u0103 temporar\u0103<\/strong>;<\/li>\n\n\n\n<li><strong>adeverint\u0103 eliberat\u0103 de gr\u0103dini\u021ba&nbsp;la care este \u00eenscris copilul, din care s\u0103 rezulte c\u0103 frecventeaz\u0103 gr\u0103dini\u021ba<\/strong>;<\/li>\n\n\n\n<li>adeverin\u021b\u0103 eliberat\u0103 de angajator \u00een care s\u0103 se specifice venitul net realizat \u00een luna anterioar\u0103 depunerii cererii, pentru toti membrii familiei care sunt salaria\u021bi, cu men\u021biunea dac\u0103 primesc sau nu bonuri valorice;<\/li>\n\n\n\n<li>cupon de pensie;<\/li>\n\n\n\n<li>cupon somaj;<\/li>\n\n\n\n<li>adeverin\u0163\u0103 doveditoare a faptului c\u0103 solicitantul sau membrii familiei realizeaz\u0103\/nu realizeaz\u0103 venituri impozabile, eliberat\u0103 de c\u0103tre Direc\u0163ia General\u0103 a Finan\u0163elor Publice Arge\u015f, pentru toate persoanele care au \u00eemplinit v\u00e2rsta de 16 ani (chiar daca sunt salariati, pensionari sau au indemniza\u021bii sociale);<\/li>\n\n\n\n<li>certificat de rol fiscal pentru imobile (case \u0219i terenuri), autovehicule, eliberat de Primaria Municipiului Pitesti pentru fiecare membru al familiei;<\/li>\n\n\n\n<li>talon ma\u015fin\u0103 (dac\u0103 este cazul);<\/li>\n\n\n\n<li>actul doveditor privind proprietatea, contract de \u00eenchiriere locuin\u0163\u0103 fond locativ de stat sau chiria\u015f la proprietar;<\/li>\n\n\n\n<li>adeverint\u0103 eliberat\u0103 de administrator \u00een care s\u0103 se men\u021bioneze nominal persoanele care locuiesc la adresa men\u021bionat\u0103 de solicitant;<\/li>\n<\/ul>\n","protected":false},"excerpt":{"rendered":"<p>\u00a0 \u00a0 INFORMARE privind acordarea &nbsp;stimulentului&nbsp; educa\u021bional ( tichete gr\u0103dini\u021b\u0103) &nbsp;&nbsp;&nbsp;&nbsp; CONDI\u021aII&nbsp; DE&nbsp; ACORDARE Stimulentul educa\u021bional se acord\u0103 \u00een baza Legii nr.248\/2015 privind stimularea particip\u0103rii \u00een \u00eenv\u0103\u021b\u0103m\u00e2ntul pre\u0219colar a copiilor provenind din familiile defavorizate, cu modific\u0103rile \u0219i complet\u0103rile ulterioare \u0219i<\/p>\n","protected":false},"author":1,"featured_media":0,"parent":0,"menu_order":0,"comment_status":"open","ping_status":"closed","template":"","meta":{"footnotes":""},"class_list":["post-1015","page","type-page","status-publish","hentry"],"translation":{"provider":"WPGlobus","version":"3.0.0","language":"fr","enabled_languages":["en","es","de","fr","ru"],"languages":{"en":{"title":true,"content":true,"excerpt":false},"es":{"title":false,"content":false,"excerpt":false},"de":{"title":false,"content":false,"excerpt":false},"fr":{"title":false,"content":false,"excerpt":false},"ru":{"title":false,"content":false,"excerpt":false}}},"_links":{"self":[{"href":"https:\/\/www.dasp.ro\/fr\/wp-json\/wp\/v2\/pages\/1015","targetHints":{"allow":["GET"]}}],"collection":[{"href":"https:\/\/www.dasp.ro\/fr\/wp-json\/wp\/v2\/pages"}],"about":[{"href":"https:\/\/www.dasp.ro\/fr\/wp-json\/wp\/v2\/types\/page"}],"author":[{"embeddable":true,"href":"https:\/\/www.dasp.ro\/fr\/wp-json\/wp\/v2\/users\/1"}],"replies":[{"embeddable":true,"href":"https:\/\/www.dasp.ro\/fr\/wp-json\/wp\/v2\/comments?post=1015"}],"version-history":[{"count":13,"href":"https:\/\/www.dasp.ro\/fr\/wp-json\/wp\/v2\/pages\/1015\/revisions"}],"predecessor-version":[{"id":8243,"href":"https:\/\/www.dasp.ro\/fr\/wp-json\/wp\/v2\/pages\/1015\/revisions\/8243"}],"wp:attachment":[{"href":"https:\/\/www.dasp.ro\/fr\/wp-json\/wp\/v2\/media?parent=1015"}],"curies":[{"name":"wp","href":"https:\/\/api.w.org\/{rel}","templated":true}]}}