{"id":992,"date":"2016-02-01T13:33:58","date_gmt":"2016-02-01T11:33:58","guid":{"rendered":"http:\/\/www.dasp.ro\/?page_id=992"},"modified":"2016-02-01T13:43:00","modified_gmt":"2016-02-01T11:43:00","slug":"plan-de-actiuni-si-lucrari-de-interes-local","status":"publish","type":"page","link":"https:\/\/www.dasp.ro\/fr\/plan-de-actiuni-si-lucrari-de-interes-local\/","title":{"rendered":"PLAN DE AC\u021aIUNI \u0218I LUCR\u0102RI DE INTERES LOCAL"},"content":{"rendered":"<p style=\"text-align: right;\"><strong>DIRECTOR EXECUTIV<\/strong><br \/>\n<strong><strong>IANCU SORIN<\/strong><\/strong><\/p>\n<p style=\"text-align: center;\"><strong>PROCES VERBAL DE AFISARE <\/strong><\/p>\n<p style=\"text-align: center;\"><strong>FEBRUARIE 2016<\/strong><\/p>\n<p><strong><em>\u00a0<\/em><\/strong><\/p>\n<p style=\"text-align: center;\"><strong>PLAN DE AC\u021aIUNI \u0218I LUCR\u0102RI DE INTERES LOCAL<\/strong><br \/>\n<strong>\u00eentocmit \u00een conformitate cu prevederile art.6 alin.(7) din Legea nr.416\/2001 privind venitul minim garantat,<\/strong><br \/>\n<strong>cu modific\u0103rile \u0219i complet\u0103rile ulterioare<\/strong><\/p>\n<p>&nbsp;<\/p>\n<table>\n<tbody>\n<tr>\n<td width=\"43\">\n<p style=\"text-align: center;\"><strong><em>Nr.<\/em><\/strong><\/p>\n<p style=\"text-align: center;\"><strong><em>crt.<\/em><\/strong><\/p>\n<\/td>\n<td style=\"text-align: center;\" width=\"187\"><strong><em>Obiectiv<\/em><\/strong><\/td>\n<td width=\"400\">\n<p style=\"text-align: center;\"><strong><em>Ac\u0163iuni \u015fi m\u0103suri specifice \u00eentreprinse<\/em><\/strong><\/p>\n<p style=\"text-align: center;\"><strong>\u00a0<\/strong><\/p>\n<\/td>\n<td width=\"82\">\n<p style=\"text-align: center;\"><strong><em>Termene de<\/em><\/strong><\/p>\n<p style=\"text-align: center;\"><strong><em>realizare<\/em><\/strong><\/p>\n<\/td>\n<td width=\"103\">\n<p style=\"text-align: center;\"><strong><em>Resurse<\/em><\/strong><\/p>\n<p><strong>\u00a0<\/strong><\/td>\n<td width=\"184\">\n<p style=\"text-align: center;\"><strong><em>Serviciul public\/<\/em><\/strong><\/p>\n<p style=\"text-align: center;\"><strong><em>persoana responsabil\u0103<\/em><\/strong><\/p>\n<p><strong>\u00a0<\/strong><\/td>\n<\/tr>\n<tr>\n<td width=\"43\">\u00a01<\/td>\n<td width=\"187\"><strong>\u00centre\u0163inerea bazelor sportive \u015fi de agrement ale municipiului Pite\u015fti<\/strong><\/td>\n<td width=\"400\">\n<ul>\n<li><strong>amenajarea \u015fi \u00eentre\u0163inerea celor 12 terenuri de tenis de c\u00e2mp (preg\u0103tirea terenurilor cu zgur\u0103, montarea tu\u015felor la \u00eenceput de sezon \u015fi \u00eentre\u0163inerea zilnic\u0103)<\/strong><strong>;<\/strong><\/li>\n<li><strong>\u00eentre\u0163inerea zilnic\u0103 a terenului cu gazon natural (udat, tuns \u015fi tu\u015fat) \u015fi a vestiarelor (cur\u0103\u0163enie);<\/strong><\/li>\n<li><strong>\u00eentre\u0163inerea zilnic\u0103 a bazei sportive din strada Basarabiei (tuns, tu\u015fat)<\/strong><strong>;<\/strong><\/li>\n<li><strong>\u00eentre\u0163inerea zilnic\u0103 a sediului administrativ (cur\u0103\u0163enie);<\/strong><\/li>\n<li><strong>\u00eentre\u0163inut cur\u0103\u0163enia pe spa\u021biile verzi din incinta bazei sportive Prundu;<\/strong><\/li>\n<li><strong>executat gropi \u015fi \u015fan\u0163uri pentru plantat gard viu <\/strong><strong>\u015fi pomi;<\/strong><\/li>\n<li><strong>cur\u0103\u0163at \u015fi \u00eendep\u0103rtat z\u0103pada \u015fi ghea\u0163a dup\u0103 alei \u015fi gazon(atunci c\u00e2nd este cazul);<\/strong><\/li>\n<li><strong>decopertarea gazonului \u015fi plantarea de brazde pentru refacerea terenului de joc;<\/strong><\/li>\n<li><strong>\u00eenc\u0103rcat gunoiul, resturile vegetale \u015fi transportarea la tomberoanele special amenajate;<\/strong><\/li>\n<li><strong>m\u0103turat tribunele de la fotbal <\/strong><strong>\u0219<\/strong><strong>i de la tenis de c<\/strong><strong>\u00e2<\/strong><\/li>\n<\/ul>\n<p>&nbsp;<\/td>\n<td width=\"82\"><strong>\u00a0<\/strong><strong>\u00a0<\/strong><\/p>\n<p><strong>\u00a0<\/strong><\/p>\n<p><strong>\u00a0<\/strong><\/p>\n<p><strong>lunar<\/strong><\/td>\n<td width=\"103\"><strong>Beneficiarii de ajutor social, ap\u021bi de munc\u0103, potrivit Legii\u00a0\u00a0 nr. 416\/2001<\/strong><\/td>\n<td width=\"184\"><strong>SPORT CLUB MUNICIPAL PITE\u0218TI<\/strong><strong>\u00a0<\/strong><\/p>\n<p><strong>\u00a0<\/strong><\/p>\n<p><strong>-ILIE ANGHEL- administrator<\/strong><\/p>\n<p><strong>\u00a0<\/strong><\/td>\n<\/tr>\n<tr>\n<td width=\"43\">\u00a02<\/td>\n<td width=\"187\"><strong>\u00centre\u021binerea cur\u0103\u0163eniei \u015fi igienei la \u015fi \u00een interiorul imobilelor cu destina\u0163ie de locuin\u0163e sociale de pe raza municipiului Pite\u015fti<\/strong>&nbsp;<\/td>\n<td width=\"400\"><strong>\u00a0<\/strong><\/p>\n<ul>\n<li><strong>m\u0103turat \u015fi \u00a0 sp\u0103lat interiorul imobilului ( holuri, sc\u0103ri, geamuri, u\u0219i, grupuri sanitare, etc.)<\/strong><strong>;<\/strong><\/li>\n<li><strong>m\u0103turat \u015fi str\u00e2ns gunoaie din jurul imobilului;<\/strong><\/li>\n<li><strong>vopsire \u015fi zugr\u0103veli interioare \u015fi exterioare (atunci c\u00e2nd este cazul);<\/strong><\/li>\n<li><strong>cur\u0103\u0163at \u015fi \u00eendep\u0103rtat z\u0103pada \u015fi ghea\u0163a de pe aleile din fa\u0163a imobilului\u00a0\u00a0\u00a0\u00a0 ( atunci c\u00e2nd este cazul).<\/strong><\/li>\n<\/ul>\n<p>&nbsp;<\/td>\n<td width=\"82\"><strong>lunar<\/strong><strong>\u00a0<\/strong><\/p>\n<p><strong>\u00a0<\/strong><\/p>\n<p><strong>\u00a0<\/strong><\/p>\n<p><strong>\u00a0<\/strong><\/p>\n<p><strong>\u00a0<\/strong><\/td>\n<td width=\"103\"><strong>Beneficiarii de ajutor social, ap\u021bi de munc\u0103, potrivit Legii nr. 416\/2001<\/strong><strong>\u00a0<\/strong><\/td>\n<td width=\"184\"><strong>SERVICIUL PUBLIC DE EXPLOATARE A PATRIMONIULUI MUNICIPIULUI PITE\u0218TI <\/strong><strong>\u00a0<\/strong><\/p>\n<p><strong>TR\u0102ISTARU MARIUS\u00a0\u00a0 \u00a0 \u00a0 <\/strong><\/p>\n<p><strong>Administrator bloc G1<\/strong><\/p>\n<p><strong>BUTOI ADRIANA-<\/strong><\/p>\n<p><strong>inspector de specialitate<\/strong><\/p>\n<p><strong>\u00a0<\/strong><\/td>\n<\/tr>\n<tr>\n<td width=\"43\">\u00a03<\/td>\n<td colspan=\"2\" width=\"587\"><strong>A<\/strong><strong>lte ac\u0163iuni sau lucr\u0103ri de interes local aprobate de primar, prestate \u00een cadrul institu\u021biilor sau serviciilor publice <\/strong><\/td>\n<td width=\"82\"><strong>permanent<\/strong><\/td>\n<td colspan=\"2\" width=\"287\"><strong>Beneficiarii de ajutor social, ap\u021bi de munc\u0103, potrivit Legii nr. 416\/2001<\/strong><\/td>\n<\/tr>\n<\/tbody>\n<\/table>\n","protected":false},"excerpt":{"rendered":"<p>DIRECTOR EXECUTIV IANCU SORIN PROCES VERBAL DE AFISARE FEBRUARIE 2016 \u00a0 PLAN DE AC\u021aIUNI \u0218I LUCR\u0102RI DE INTERES LOCAL \u00eentocmit \u00een conformitate cu prevederile art.6 alin.(7) din Legea nr.416\/2001 privind venitul minim garantat, cu modific\u0103rile \u0219i complet\u0103rile ulterioare &nbsp; Nr.<\/p>\n","protected":false},"author":1,"featured_media":0,"parent":0,"menu_order":0,"comment_status":"open","ping_status":"closed","template":"","meta":{"footnotes":""},"class_list":["post-992","page","type-page","status-publish","hentry"],"translation":{"provider":"WPGlobus","version":"3.0.0","language":"fr","enabled_languages":["en","es","de","fr","ru"],"languages":{"en":{"title":true,"content":true,"excerpt":false},"es":{"title":false,"content":false,"excerpt":false},"de":{"title":false,"content":false,"excerpt":false},"fr":{"title":false,"content":false,"excerpt":false},"ru":{"title":false,"content":false,"excerpt":false}}},"_links":{"self":[{"href":"https:\/\/www.dasp.ro\/fr\/wp-json\/wp\/v2\/pages\/992","targetHints":{"allow":["GET"]}}],"collection":[{"href":"https:\/\/www.dasp.ro\/fr\/wp-json\/wp\/v2\/pages"}],"about":[{"href":"https:\/\/www.dasp.ro\/fr\/wp-json\/wp\/v2\/types\/page"}],"author":[{"embeddable":true,"href":"https:\/\/www.dasp.ro\/fr\/wp-json\/wp\/v2\/users\/1"}],"replies":[{"embeddable":true,"href":"https:\/\/www.dasp.ro\/fr\/wp-json\/wp\/v2\/comments?post=992"}],"version-history":[{"count":3,"href":"https:\/\/www.dasp.ro\/fr\/wp-json\/wp\/v2\/pages\/992\/revisions"}],"predecessor-version":[{"id":994,"href":"https:\/\/www.dasp.ro\/fr\/wp-json\/wp\/v2\/pages\/992\/revisions\/994"}],"wp:attachment":[{"href":"https:\/\/www.dasp.ro\/fr\/wp-json\/wp\/v2\/media?parent=992"}],"curies":[{"name":"wp","href":"https:\/\/api.w.org\/{rel}","templated":true}]}}