{"id":3461,"date":"2020-03-10T12:01:02","date_gmt":"2020-03-10T10:01:02","guid":{"rendered":"http:\/\/www.dasp.ro\/?page_id=3461"},"modified":"2020-03-10T12:07:27","modified_gmt":"2020-03-10T10:07:27","slug":"informare-cu-privire-la-activitatea-creselor-din-municipiul-pitesti","status":"publish","type":"page","link":"https:\/\/www.dasp.ro\/ru\/informare-cu-privire-la-activitatea-creselor-din-municipiul-pitesti\/","title":{"rendered":"Informare cu privire la activitatea creselor din Municipiul Pitesti"},"content":{"rendered":"\n<p style=\"text-align:center\"><strong>INFORMARE\nCU PRIVIRE LA ACTIVITATEA CRE\u0218ELOR DIN MUNICIPIUL PITE\u0218TI<\/strong><\/p>\n\n\n\n<div style=\"height:100px\" aria-hidden=\"true\" class=\"wp-block-spacer\"><\/div>\n\n\n\n<p>Dragi p\u0103rin\u021bi,<\/p>\n\n\n\n<p>       \u00cen contextul deciziilor luate la nivel na\u021bional de c\u0103tre Comitetul Na\u021bional de\u00a0 Situa\u021bii de Urgen\u021b\u0103 cu privire la \u00eenchiderea unit\u0103\u021bilor de \u00eenv\u0103\u021b\u0103m\u00e2nt \u00een perioada 11-22 martie 2020, v\u0103 comunic\u0103m c\u0103 <strong>in Municipiul Pite\u0219ti s-a decis, la acest moment, ca cele 11 cre\u0219e din cadrul Centrul de \u00cengrijire \u0219i Educa\u021bie Timpurie Cre\u0219e Pite\u0219ti s\u0103\u00a0 func\u021bioneze cu program normal.<\/strong><\/p>\n\n\n\n<p>\u00cen\nperioada vizat\u0103 de decizia Comitetului Na\u021bional de&nbsp; Situa\u021bii de Urgen\u021b\u0103, se vor lua m\u0103suri\nsuplimentare de dezinfec\u021bie a suprafe\u021belor \u0219i persoanelor care intr\u0103 \u00een\nunitate.<\/p>\n\n\n\n<p><strong>Sub\nacest aspect, v\u0103 rug\u0103m ca introducerea\/preluarea copilului \u00een\/din colectivitate\ns\u0103 se efectueze de c\u0103tre o singur\u0103 persoan\u0103.<\/strong><\/p>\n","protected":false},"excerpt":{"rendered":"<p>INFORMARE CU PRIVIRE LA ACTIVITATEA CRE\u0218ELOR DIN MUNICIPIUL PITE\u0218TI Dragi p\u0103rin\u021bi, \u00cen contextul deciziilor luate la nivel na\u021bional de c\u0103tre Comitetul Na\u021bional de\u00a0 Situa\u021bii de Urgen\u021b\u0103 cu privire la \u00eenchiderea unit\u0103\u021bilor de \u00eenv\u0103\u021b\u0103m\u00e2nt \u00een perioada 11-22 martie 2020, v\u0103 comunic\u0103m<\/p>\n","protected":false},"author":1,"featured_media":0,"parent":0,"menu_order":0,"comment_status":"closed","ping_status":"closed","template":"","meta":{"footnotes":""},"class_list":["post-3461","page","type-page","status-publish","hentry"],"translation":{"provider":"WPGlobus","version":"3.0.0","language":"ru","enabled_languages":["en","es","de","fr","ru"],"languages":{"en":{"title":true,"content":true,"excerpt":false},"es":{"title":false,"content":false,"excerpt":false},"de":{"title":false,"content":false,"excerpt":false},"fr":{"title":false,"content":false,"excerpt":false},"ru":{"title":false,"content":false,"excerpt":false}}},"_links":{"self":[{"href":"https:\/\/www.dasp.ro\/ru\/wp-json\/wp\/v2\/pages\/3461","targetHints":{"allow":["GET"]}}],"collection":[{"href":"https:\/\/www.dasp.ro\/ru\/wp-json\/wp\/v2\/pages"}],"about":[{"href":"https:\/\/www.dasp.ro\/ru\/wp-json\/wp\/v2\/types\/page"}],"author":[{"embeddable":true,"href":"https:\/\/www.dasp.ro\/ru\/wp-json\/wp\/v2\/users\/1"}],"replies":[{"embeddable":true,"href":"https:\/\/www.dasp.ro\/ru\/wp-json\/wp\/v2\/comments?post=3461"}],"version-history":[{"count":3,"href":"https:\/\/www.dasp.ro\/ru\/wp-json\/wp\/v2\/pages\/3461\/revisions"}],"predecessor-version":[{"id":3464,"href":"https:\/\/www.dasp.ro\/ru\/wp-json\/wp\/v2\/pages\/3461\/revisions\/3464"}],"wp:attachment":[{"href":"https:\/\/www.dasp.ro\/ru\/wp-json\/wp\/v2\/media?parent=3461"}],"curies":[{"name":"wp","href":"https:\/\/api.w.org\/{rel}","templated":true}]}}